{"id":14145,"date":"2026-08-28T03:35:06","date_gmt":"2026-08-28T01:35:06","guid":{"rendered":"https:\/\/savetibet.eu\/?post_type=nieuws&#038;p=14145"},"modified":"2026-08-31T11:57:29","modified_gmt":"2026-08-31T09:57:29","slug":"ict-exprime-sa-solidarite-avec-les-victimes-de-la-catastrophe-au-nepal-et-au-tibet-et-appelle-a-la-transparence-et-a-un-acces-humanitaire-sans-entrave","status":"publish","type":"nieuws","link":"https:\/\/savetibet.eu\/fr\/nouvelles\/ict-exprime-sa-solidarite-avec-les-victimes-de-la-catastrophe-au-nepal-et-au-tibet-et-appelle-a-la-transparence-et-a-un-acces-humanitaire-sans-entrave\/","title":{"rendered":"ICT exprime sa solidarit\u00e9 avec les victimes de la catastrophe au N\u00e9pal et au Tibet et appelle \u00e0 la transparence et \u00e0 un acc\u00e8s humanitaire sans entrave"},"content":{"rendered":"\n<p class=\"wp-block-paragraph\" style=\"font-size:18px\">International Campaign for Tibet (ICT) suit de pr\u00e8s la catastrophe humanitaire qui fait suite aux glissements de terrain et aux inondations d\u00e9vastatrices survenus le 26 ao\u00fbt 2026 dans le comt\u00e9 de Kyirong (chinois : Jilong ou Gyirong), dans la pr\u00e9fecture de Shigats\u00e9, au Tibet, ainsi que dans plusieurs districts du N\u00e9pal, notamment Rasuwa et Nuwakot. ICT d\u00e9plore les pertes humaines au sein des communaut\u00e9s locales des deux c\u00f4t\u00e9s de la fronti\u00e8re entre le N\u00e9pal et le Tibet et est profond\u00e9ment pr\u00e9occup\u00e9e par le sort des nombreux touristes et p\u00e8lerins internationaux toujours port\u00e9s disparus.<\/p>\n\n\n\n<p class=\"wp-block-paragraph\" style=\"font-size:18px\">Nous esp\u00e9rons que toutes les personnes encore pi\u00e9g\u00e9es ou port\u00e9es disparues pourront \u00eatre secourues rapidement et en toute s\u00e9curit\u00e9, et saluons le courage des \u00e9quipes de secours et des communaut\u00e9s locales qui m\u00e8nent les op\u00e9rations de recherche et de sauvetage dans des conditions extr\u00eamement difficiles. Nos pens\u00e9es et nos pri\u00e8res vont \u00e0 toutes les personnes touch\u00e9es des deux c\u00f4t\u00e9s de la fronti\u00e8re entre le N\u00e9pal et le Tibet : aux familles qui ont perdu des proches, aux nombreuses personnes bless\u00e9es ou toujours port\u00e9es disparues, ainsi qu\u2019aux communaut\u00e9s confront\u00e9es \u00e0 cette catastrophe qui continue de se d\u00e9rouler.<\/p>\n\n\n\n<p class=\"wp-block-paragraph\" style=\"font-size:18px\">Jeudi, Sa Saintet\u00e9 le Dala\u00ef-Lama a exprim\u00e9 sa tristesse face aux pertes humaines et aux importants d\u00e9g\u00e2ts mat\u00e9riels caus\u00e9s par les inondations au N\u00e9pal et au Tibet. Il a pri\u00e9 pour les personnes ayant perdu la vie et adress\u00e9 ses sinc\u00e8res condol\u00e9ances aux familles endeuill\u00e9es et \u00e0 toutes les personnes touch\u00e9es par cette trag\u00e9die. \u00ab Cette r\u00e9gion ayant d\u00e9j\u00e0 connu des catastrophes par le pass\u00e9, celles-ci sont certainement les sympt\u00f4mes d\u2019une cause sous-jacente plus profonde, qu\u2019il s\u2019agisse du changement climatique ou d\u2019autres facteurs. J\u2019esp\u00e8re que, dans la mesure du possible, des mesures appropri\u00e9es seront prises \u00e0 l\u2019avenir afin de contribuer \u00e0 \u00e9viter que de telles catastrophes ne se reproduisent \u00bb, a d\u00e9clar\u00e9 Sa Saintet\u00e9 dans <a href=\"https:\/\/www.dalailama.com\/news\/condolence-message\">un communiqu\u00e9<\/a>.<\/p>\n\n\n\n<p class=\"wp-block-paragraph\" style=\"font-size:18px\">Le Sikyong Penpa Tsering, chef d\u00e9mocratiquement \u00e9lu de l\u2019Administration centrale tib\u00e9taine (ACT), a \u00e9galement exprim\u00e9 ses condol\u00e9ances et sa solidarit\u00e9 envers toutes les personnes touch\u00e9es. Dans <a href=\"https:\/\/tibet.net\/press-release-2\/\">un communiqu\u00e9 publi\u00e9 jeudi<\/a>, l&rsquo;ACT a indiqu\u00e9 avoir demand\u00e9 aux responsables et bureaux concern\u00e9s de lancer sans d\u00e9lai les op\u00e9rations d\u2019aide d\u2019urgence afin de venir en aide aux personnes touch\u00e9es dans les cinq \u00e9tablissements ou communaut\u00e9s tib\u00e9tains relevant du bureau de l\u2019\u00e9tablissement tib\u00e9tain de Sha-Wa-Ra Sum, bas\u00e9 au N\u00e9pal. L\u2019\u00e9tablissement de Shabru et Timure, \u00e0 la fronti\u00e8re de Kyirong, ont \u00e9t\u00e9 les plus durement touch\u00e9s. L&rsquo;ACT a appel\u00e9 les Tib\u00e9tains en exil \u00e0 apporter volontairement leur contribution, par l\u2019interm\u00e9diaire de leurs bureaux du Tibet et des bureaux des \u00e9tablissements tib\u00e9tains respectifs, afin de soutenir les op\u00e9rations de secours destin\u00e9es aux communaut\u00e9s tib\u00e9taines touch\u00e9es du c\u00f4t\u00e9 n\u00e9palais.<\/p>\n\n\n\n<p class=\"wp-block-paragraph\" style=\"font-size:18px\">Alors que le N\u00e9pal fournit rapidement des informations et permet l\u2019acc\u00e8s \u00e0 l\u2019aide humanitaire internationale, les op\u00e9rations de secours au Tibet doivent elles aussi s\u2019accompagner d\u2019un partage d\u2019informations rapide et transparent, ainsi que d\u2019un acc\u00e8s sans entrave \u00e0 l\u2019aide humanitaire. En l\u2019absence d\u2019un acc\u00e8s ind\u00e9pendant au c\u00f4t\u00e9 tib\u00e9tain de la fronti\u00e8re entre le N\u00e9pal et le Tibet, il est impossible de d\u00e9terminer l\u2019ampleur r\u00e9elle des pertes ou d\u2019obtenir une vision compl\u00e8te de la situation dans le comt\u00e9 de Kyirong.<\/p>\n\n\n\n<p class=\"wp-block-paragraph\" style=\"font-size:18px\">La communaut\u00e9 internationale reste donc largement tributaire des m\u00e9dias d\u2019\u00c9tat chinois, dont la couverture s\u2019est jusqu\u2019\u00e0 pr\u00e9sent principalement concentr\u00e9e sur les directives de Xi Jinping et les comptes rendus officiels des op\u00e9rations de sauvetage et de secours, plut\u00f4t que sur des t\u00e9moignages directs de la situation sur le terrain, l\u2019exp\u00e9rience des survivants ou l\u2019ampleur r\u00e9elle des pertes humaines et des destructions.<\/p>\n\n\n\n<p class=\"wp-block-paragraph\" style=\"font-size:18px\">\u00ab ICT appelle le gouvernement chinois \u00e0 publier des informations compl\u00e8tes et v\u00e9rifiables sur les d\u00e9g\u00e2ts et les pertes humaines, \u00e0 autoriser les reportages ind\u00e9pendants et \u00e0 garantir un acc\u00e8s sans entrave \u00e0 l\u2019aide humanitaire \u00bb, a d\u00e9clar\u00e9 Tencho Gyatso, Pr\u00e9sidente d\u2019International Campaign for Tibet. \u00ab Les autorit\u00e9s au Tibet doivent permettre la libre circulation de l\u2019information, garantir un acc\u00e8s humanitaire sans entrave et assurer une participation r\u00e9elle des communaut\u00e9s locales aux op\u00e9rations de secours afin de contribuer \u00e0 sauver des vies et de veiller \u00e0 ce que l\u2019aide parvienne \u00e0 toutes les personnes qui en ont besoin \u00bb, a-t-elle ajout\u00e9.<\/p>\n\n\n\n<p class=\"wp-block-paragraph\" style=\"font-size:18px\">Selon des sources d&rsquo;ICT pr\u00e9sentes sur le terrain, le gouvernement chinois restreint d\u00e9j\u00e0 fortement les informations d\u00e9taill\u00e9es concernant la situation \u00e0 l\u2019int\u00e9rieur du Tibet. Des sources d\u2019ICT au Tibet ont confirm\u00e9 que des vid\u00e9os et d\u2019autres t\u00e9moignages et documents de premi\u00e8re main publi\u00e9s sur les r\u00e9seaux sociaux chinois sont supprim\u00e9s, ce qui suscite de graves inqui\u00e9tudes quant \u00e0 un contr\u00f4le d\u00e9lib\u00e9r\u00e9 de l\u2019information. Une autre source originaire de Kyirong a indiqu\u00e9 \u00e0 l\u2019ICT que les importantes inondations survenues dans la r\u00e9gion frontali\u00e8re de Kyirong avaient enti\u00e8rement d\u00e9truit des commerces, restaurants et maisons de th\u00e9 appartenant \u00e0 des Tib\u00e9tains \u00e0 proximit\u00e9 du poste-fronti\u00e8re et auraient fait de nombreuses victimes du c\u00f4t\u00e9 tib\u00e9tain de la fronti\u00e8re.<\/p>\n\n\n\n<p class=\"wp-block-paragraph\" style=\"font-size:18px\">Lors de catastrophes pr\u00e9c\u00e9dentes, notamment encore r\u00e9cemment lors du <a href=\"https:\/\/savetibet.eu\/news\/tibet-earthquake-tibetan-resilience-and-future-risks\/\">s\u00e9isme de Dingri en 2025<\/a>, les restrictions d\u2019acc\u00e8s et d\u2019information ont suscit\u00e9 de graves inqui\u00e9tudes quant \u00e0 la transparence, \u00e0 l\u2019exactitude des informations officielles et \u00e0 la question de savoir si les besoins et les voix des communaut\u00e9s tib\u00e9taines touch\u00e9es \u00e9taient pleinement pris en compte. L\u2019ICT appelle les autorit\u00e9s chinoises \u00e0 mettre en \u0153uvre d\u2019urgence une r\u00e9ponse efficace \u00e0 la catastrophe, reposant notamment sur la diffusion rapide et transparente d\u2019informations, un contr\u00f4le ind\u00e9pendant, un acc\u00e8s sans restriction \u00e0 l\u2019aide humanitaire et la libre circulation de l\u2019information depuis toutes les zones touch\u00e9es.<\/p>\n\n\n\n<div style=\"height:40px\" aria-hidden=\"true\" class=\"wp-block-spacer\"><\/div>\n\n\n\n<p class=\"has-text-align-center wp-block-paragraph\" style=\"font-size:18px\">Soutenez les Tib\u00e9tains dans leur lutte pour la libert\u00e9 en faisant un don <a href=\"https:\/\/savetibet.eu\/fr\/faire-un-don\/\">ici<\/a> !<\/p>\n","protected":false},"excerpt":{"rendered":"<p>International Campaign for Tibet (ICT) suit de pr\u00e8s la catastrophe humanitaire qui fait suite aux glissements de terrain et aux inondations d\u00e9vastatrices survenus le 26 ao\u00fbt 2026 dans le comt\u00e9 de Kyirong (chinois : Jilong ou Gyirong), dans la pr\u00e9fecture de Shigats\u00e9, au Tibet, ainsi que dans plusieurs districts du N\u00e9pal, notamment Rasuwa et Nuwakot. [&hellip;]<\/p>\n","protected":false},"featured_media":14134,"template":"","meta":{"_acf_changed":false},"categorie":[],"news_tag":[],"class_list":["post-14145","nieuws","type-nieuws","status-publish","has-post-thumbnail","hentry"],"acf":[],"yoast_head":"<!-- This site is optimized with the Yoast SEO plugin v28.3 - https:\/\/yoast.com\/product\/yoast-seo-wordpress\/ -->\n<title>ICT exprime sa solidarit\u00e9 avec les victimes de la catastrophe au N\u00e9pal et au Tibet et appelle \u00e0 la transparence et \u00e0 un acc\u00e8s humanitaire sans entrave - Campaign for Tibet<\/title>\n<meta name=\"robots\" content=\"index, follow, max-snippet:-1, max-image-preview:large, max-video-preview:-1\" \/>\n<link rel=\"canonical\" href=\"https:\/\/savetibet.eu\/fr\/nouvelles\/ict-exprime-sa-solidarite-avec-les-victimes-de-la-catastrophe-au-nepal-et-au-tibet-et-appelle-a-la-transparence-et-a-un-acces-humanitaire-sans-entrave\/\" \/>\n<meta property=\"og:locale\" content=\"fr_FR\" \/>\n<meta property=\"og:type\" content=\"article\" \/>\n<meta property=\"og:title\" content=\"ICT exprime sa solidarit\u00e9 avec les victimes de la catastrophe au N\u00e9pal et au Tibet et appelle \u00e0 la transparence et \u00e0 un acc\u00e8s humanitaire sans entrave - Campaign for Tibet\" \/>\n<meta property=\"og:description\" content=\"International Campaign for Tibet (ICT) suit de pr\u00e8s la catastrophe humanitaire qui fait suite aux glissements de terrain et aux inondations d\u00e9vastatrices survenus le 26 ao\u00fbt 2026 dans le comt\u00e9 de Kyirong (chinois : Jilong ou Gyirong), dans la pr\u00e9fecture de Shigats\u00e9, au Tibet, ainsi que dans plusieurs districts du N\u00e9pal, notamment Rasuwa et Nuwakot. [&hellip;]\" \/>\n<meta property=\"og:url\" content=\"https:\/\/savetibet.eu\/fr\/nouvelles\/ict-exprime-sa-solidarite-avec-les-victimes-de-la-catastrophe-au-nepal-et-au-tibet-et-appelle-a-la-transparence-et-a-un-acces-humanitaire-sans-entrave\/\" \/>\n<meta property=\"og:site_name\" content=\"Campaign for Tibet\" \/>\n<meta property=\"article:publisher\" content=\"https:\/\/www.facebook.com\/internationalcampaignfortibetnederland\/\" \/>\n<meta property=\"article:modified_time\" content=\"2026-08-31T09:57:29+00:00\" \/>\n<meta property=\"og:image\" content=\"https:\/\/savetibet.eu\/wp-content\/uploads\/2026\/08\/2026-0827-Tibet-Floods-1.jpg\" \/>\n\t<meta property=\"og:image:width\" content=\"1200\" \/>\n\t<meta property=\"og:image:height\" content=\"630\" \/>\n\t<meta property=\"og:image:type\" content=\"image\/jpeg\" \/>\n<meta name=\"twitter:card\" content=\"summary_large_image\" \/>\n<meta name=\"twitter:site\" content=\"@savetibetorg\" \/>\n<meta name=\"twitter:label1\" content=\"Dur\u00e9e de lecture estim\u00e9e\" \/>\n\t<meta name=\"twitter:data1\" content=\"5 minutes\" \/>\n<script type=\"application\/ld+json\" class=\"yoast-schema-graph\">{\"@context\":\"https:\\\/\\\/schema.org\",\"@graph\":[{\"@type\":\"WebPage\",\"@id\":\"https:\\\/\\\/savetibet.eu\\\/fr\\\/nouvelles\\\/ict-exprime-sa-solidarite-avec-les-victimes-de-la-catastrophe-au-nepal-et-au-tibet-et-appelle-a-la-transparence-et-a-un-acces-humanitaire-sans-entrave\\\/\",\"url\":\"https:\\\/\\\/savetibet.eu\\\/fr\\\/nouvelles\\\/ict-exprime-sa-solidarite-avec-les-victimes-de-la-catastrophe-au-nepal-et-au-tibet-et-appelle-a-la-transparence-et-a-un-acces-humanitaire-sans-entrave\\\/\",\"name\":\"ICT exprime sa solidarit\u00e9 avec les victimes de la catastrophe au N\u00e9pal et au Tibet et appelle \u00e0 la transparence et \u00e0 un acc\u00e8s humanitaire sans entrave - Campaign for Tibet\",\"isPartOf\":{\"@id\":\"https:\\\/\\\/savetibet.eu\\\/fr\\\/#website\"},\"primaryImageOfPage\":{\"@id\":\"https:\\\/\\\/savetibet.eu\\\/fr\\\/nouvelles\\\/ict-exprime-sa-solidarite-avec-les-victimes-de-la-catastrophe-au-nepal-et-au-tibet-et-appelle-a-la-transparence-et-a-un-acces-humanitaire-sans-entrave\\\/#primaryimage\"},\"image\":{\"@id\":\"https:\\\/\\\/savetibet.eu\\\/fr\\\/nouvelles\\\/ict-exprime-sa-solidarite-avec-les-victimes-de-la-catastrophe-au-nepal-et-au-tibet-et-appelle-a-la-transparence-et-a-un-acces-humanitaire-sans-entrave\\\/#primaryimage\"},\"thumbnailUrl\":\"https:\\\/\\\/savetibet.eu\\\/wp-content\\\/uploads\\\/2026\\\/08\\\/2026-0827-Tibet-Floods-1.jpg\",\"datePublished\":\"2026-08-28T01:35:06+00:00\",\"dateModified\":\"2026-08-31T09:57:29+00:00\",\"breadcrumb\":{\"@id\":\"https:\\\/\\\/savetibet.eu\\\/fr\\\/nouvelles\\\/ict-exprime-sa-solidarite-avec-les-victimes-de-la-catastrophe-au-nepal-et-au-tibet-et-appelle-a-la-transparence-et-a-un-acces-humanitaire-sans-entrave\\\/#breadcrumb\"},\"inLanguage\":\"fr-FR\",\"potentialAction\":[{\"@type\":\"ReadAction\",\"target\":[\"https:\\\/\\\/savetibet.eu\\\/fr\\\/nouvelles\\\/ict-exprime-sa-solidarite-avec-les-victimes-de-la-catastrophe-au-nepal-et-au-tibet-et-appelle-a-la-transparence-et-a-un-acces-humanitaire-sans-entrave\\\/\"]}]},{\"@type\":\"ImageObject\",\"inLanguage\":\"fr-FR\",\"@id\":\"https:\\\/\\\/savetibet.eu\\\/fr\\\/nouvelles\\\/ict-exprime-sa-solidarite-avec-les-victimes-de-la-catastrophe-au-nepal-et-au-tibet-et-appelle-a-la-transparence-et-a-un-acces-humanitaire-sans-entrave\\\/#primaryimage\",\"url\":\"https:\\\/\\\/savetibet.eu\\\/wp-content\\\/uploads\\\/2026\\\/08\\\/2026-0827-Tibet-Floods-1.jpg\",\"contentUrl\":\"https:\\\/\\\/savetibet.eu\\\/wp-content\\\/uploads\\\/2026\\\/08\\\/2026-0827-Tibet-Floods-1.jpg\",\"width\":1200,\"height\":630},{\"@type\":\"BreadcrumbList\",\"@id\":\"https:\\\/\\\/savetibet.eu\\\/fr\\\/nouvelles\\\/ict-exprime-sa-solidarite-avec-les-victimes-de-la-catastrophe-au-nepal-et-au-tibet-et-appelle-a-la-transparence-et-a-un-acces-humanitaire-sans-entrave\\\/#breadcrumb\",\"itemListElement\":[{\"@type\":\"ListItem\",\"position\":1,\"name\":\"Home\",\"item\":\"https:\\\/\\\/savetibet.eu\\\/fr\\\/\"},{\"@type\":\"ListItem\",\"position\":2,\"name\":\"ICT exprime sa solidarit\u00e9 avec les victimes de la catastrophe au N\u00e9pal et au Tibet et appelle \u00e0 la transparence et \u00e0 un acc\u00e8s humanitaire sans entrave\"}]},{\"@type\":\"WebSite\",\"@id\":\"https:\\\/\\\/savetibet.eu\\\/fr\\\/#website\",\"url\":\"https:\\\/\\\/savetibet.eu\\\/fr\\\/\",\"name\":\"Campaign for Tibet\",\"description\":\"LET OP: Het boek The Dalai Lama &amp; Havel | Warriors for Truth &amp; Love is opnieuw in druk en momenteel tijdelijk uitverkocht. De levertijd is daardoor langer dan u van ons gewend bent. Wij vragen om uw begrip en geduld.\",\"publisher\":{\"@id\":\"https:\\\/\\\/savetibet.eu\\\/fr\\\/#organization\"},\"potentialAction\":[{\"@type\":\"SearchAction\",\"target\":{\"@type\":\"EntryPoint\",\"urlTemplate\":\"https:\\\/\\\/savetibet.eu\\\/fr\\\/?s={search_term_string}\"},\"query-input\":{\"@type\":\"PropertyValueSpecification\",\"valueRequired\":true,\"valueName\":\"search_term_string\"}}],\"inLanguage\":\"fr-FR\"},{\"@type\":\"Organization\",\"@id\":\"https:\\\/\\\/savetibet.eu\\\/fr\\\/#organization\",\"name\":\"Campaign for Tibet\",\"url\":\"https:\\\/\\\/savetibet.eu\\\/fr\\\/\",\"logo\":{\"@type\":\"ImageObject\",\"inLanguage\":\"fr-FR\",\"@id\":\"https:\\\/\\\/savetibet.eu\\\/fr\\\/#\\\/schema\\\/logo\\\/image\\\/\",\"url\":\"https:\\\/\\\/savetibet.eu\\\/wp-content\\\/uploads\\\/2025\\\/05\\\/logo-round.webp\",\"contentUrl\":\"https:\\\/\\\/savetibet.eu\\\/wp-content\\\/uploads\\\/2025\\\/05\\\/logo-round.webp\",\"width\":150,\"height\":150,\"caption\":\"Campaign for Tibet\"},\"image\":{\"@id\":\"https:\\\/\\\/savetibet.eu\\\/fr\\\/#\\\/schema\\\/logo\\\/image\\\/\"},\"sameAs\":[\"https:\\\/\\\/www.facebook.com\\\/internationalcampaignfortibetnederland\\\/\",\"https:\\\/\\\/x.com\\\/savetibetorg\",\"https:\\\/\\\/www.instagram.com\\\/savetibeteurope\\\/\",\"https:\\\/\\\/www.youtube.com\\\/user\\\/ICTEurope\"]}]}<\/script>\n<!-- \/ Yoast SEO plugin. -->","yoast_head_json":{"title":"ICT exprime sa solidarit\u00e9 avec les victimes de la catastrophe au N\u00e9pal et au Tibet et appelle \u00e0 la transparence et \u00e0 un acc\u00e8s humanitaire sans entrave - Campaign for Tibet","robots":{"index":"index","follow":"follow","max-snippet":"max-snippet:-1","max-image-preview":"max-image-preview:large","max-video-preview":"max-video-preview:-1"},"canonical":"https:\/\/savetibet.eu\/fr\/nouvelles\/ict-exprime-sa-solidarite-avec-les-victimes-de-la-catastrophe-au-nepal-et-au-tibet-et-appelle-a-la-transparence-et-a-un-acces-humanitaire-sans-entrave\/","og_locale":"fr_FR","og_type":"article","og_title":"ICT exprime sa solidarit\u00e9 avec les victimes de la catastrophe au N\u00e9pal et au Tibet et appelle \u00e0 la transparence et \u00e0 un acc\u00e8s humanitaire sans entrave - Campaign for Tibet","og_description":"International Campaign for Tibet (ICT) suit de pr\u00e8s la catastrophe humanitaire qui fait suite aux glissements de terrain et aux inondations d\u00e9vastatrices survenus le 26 ao\u00fbt 2026 dans le comt\u00e9 de Kyirong (chinois : Jilong ou Gyirong), dans la pr\u00e9fecture de Shigats\u00e9, au Tibet, ainsi que dans plusieurs districts du N\u00e9pal, notamment Rasuwa et Nuwakot. [&hellip;]","og_url":"https:\/\/savetibet.eu\/fr\/nouvelles\/ict-exprime-sa-solidarite-avec-les-victimes-de-la-catastrophe-au-nepal-et-au-tibet-et-appelle-a-la-transparence-et-a-un-acces-humanitaire-sans-entrave\/","og_site_name":"Campaign for Tibet","article_publisher":"https:\/\/www.facebook.com\/internationalcampaignfortibetnederland\/","article_modified_time":"2026-08-31T09:57:29+00:00","og_image":[{"width":1200,"height":630,"url":"https:\/\/savetibet.eu\/wp-content\/uploads\/2026\/08\/2026-0827-Tibet-Floods-1.jpg","type":"image\/jpeg"}],"twitter_card":"summary_large_image","twitter_site":"@savetibetorg","twitter_misc":{"Dur\u00e9e de lecture estim\u00e9e":"5 minutes"},"schema":{"@context":"https:\/\/schema.org","@graph":[{"@type":"WebPage","@id":"https:\/\/savetibet.eu\/fr\/nouvelles\/ict-exprime-sa-solidarite-avec-les-victimes-de-la-catastrophe-au-nepal-et-au-tibet-et-appelle-a-la-transparence-et-a-un-acces-humanitaire-sans-entrave\/","url":"https:\/\/savetibet.eu\/fr\/nouvelles\/ict-exprime-sa-solidarite-avec-les-victimes-de-la-catastrophe-au-nepal-et-au-tibet-et-appelle-a-la-transparence-et-a-un-acces-humanitaire-sans-entrave\/","name":"ICT exprime sa solidarit\u00e9 avec les victimes de la catastrophe au N\u00e9pal et au Tibet et appelle \u00e0 la transparence et \u00e0 un acc\u00e8s humanitaire sans entrave - Campaign for Tibet","isPartOf":{"@id":"https:\/\/savetibet.eu\/fr\/#website"},"primaryImageOfPage":{"@id":"https:\/\/savetibet.eu\/fr\/nouvelles\/ict-exprime-sa-solidarite-avec-les-victimes-de-la-catastrophe-au-nepal-et-au-tibet-et-appelle-a-la-transparence-et-a-un-acces-humanitaire-sans-entrave\/#primaryimage"},"image":{"@id":"https:\/\/savetibet.eu\/fr\/nouvelles\/ict-exprime-sa-solidarite-avec-les-victimes-de-la-catastrophe-au-nepal-et-au-tibet-et-appelle-a-la-transparence-et-a-un-acces-humanitaire-sans-entrave\/#primaryimage"},"thumbnailUrl":"https:\/\/savetibet.eu\/wp-content\/uploads\/2026\/08\/2026-0827-Tibet-Floods-1.jpg","datePublished":"2026-08-28T01:35:06+00:00","dateModified":"2026-08-31T09:57:29+00:00","breadcrumb":{"@id":"https:\/\/savetibet.eu\/fr\/nouvelles\/ict-exprime-sa-solidarite-avec-les-victimes-de-la-catastrophe-au-nepal-et-au-tibet-et-appelle-a-la-transparence-et-a-un-acces-humanitaire-sans-entrave\/#breadcrumb"},"inLanguage":"fr-FR","potentialAction":[{"@type":"ReadAction","target":["https:\/\/savetibet.eu\/fr\/nouvelles\/ict-exprime-sa-solidarite-avec-les-victimes-de-la-catastrophe-au-nepal-et-au-tibet-et-appelle-a-la-transparence-et-a-un-acces-humanitaire-sans-entrave\/"]}]},{"@type":"ImageObject","inLanguage":"fr-FR","@id":"https:\/\/savetibet.eu\/fr\/nouvelles\/ict-exprime-sa-solidarite-avec-les-victimes-de-la-catastrophe-au-nepal-et-au-tibet-et-appelle-a-la-transparence-et-a-un-acces-humanitaire-sans-entrave\/#primaryimage","url":"https:\/\/savetibet.eu\/wp-content\/uploads\/2026\/08\/2026-0827-Tibet-Floods-1.jpg","contentUrl":"https:\/\/savetibet.eu\/wp-content\/uploads\/2026\/08\/2026-0827-Tibet-Floods-1.jpg","width":1200,"height":630},{"@type":"BreadcrumbList","@id":"https:\/\/savetibet.eu\/fr\/nouvelles\/ict-exprime-sa-solidarite-avec-les-victimes-de-la-catastrophe-au-nepal-et-au-tibet-et-appelle-a-la-transparence-et-a-un-acces-humanitaire-sans-entrave\/#breadcrumb","itemListElement":[{"@type":"ListItem","position":1,"name":"Home","item":"https:\/\/savetibet.eu\/fr\/"},{"@type":"ListItem","position":2,"name":"ICT exprime sa solidarit\u00e9 avec les victimes de la catastrophe au N\u00e9pal et au Tibet et appelle \u00e0 la transparence et \u00e0 un acc\u00e8s humanitaire sans entrave"}]},{"@type":"WebSite","@id":"https:\/\/savetibet.eu\/fr\/#website","url":"https:\/\/savetibet.eu\/fr\/","name":"Campaign for Tibet","description":"LET OP: Het boek The Dalai Lama &amp; Havel | Warriors for Truth &amp; Love is opnieuw in druk en momenteel tijdelijk uitverkocht. De levertijd is daardoor langer dan u van ons gewend bent. Wij vragen om uw begrip en geduld.","publisher":{"@id":"https:\/\/savetibet.eu\/fr\/#organization"},"potentialAction":[{"@type":"SearchAction","target":{"@type":"EntryPoint","urlTemplate":"https:\/\/savetibet.eu\/fr\/?s={search_term_string}"},"query-input":{"@type":"PropertyValueSpecification","valueRequired":true,"valueName":"search_term_string"}}],"inLanguage":"fr-FR"},{"@type":"Organization","@id":"https:\/\/savetibet.eu\/fr\/#organization","name":"Campaign for Tibet","url":"https:\/\/savetibet.eu\/fr\/","logo":{"@type":"ImageObject","inLanguage":"fr-FR","@id":"https:\/\/savetibet.eu\/fr\/#\/schema\/logo\/image\/","url":"https:\/\/savetibet.eu\/wp-content\/uploads\/2025\/05\/logo-round.webp","contentUrl":"https:\/\/savetibet.eu\/wp-content\/uploads\/2025\/05\/logo-round.webp","width":150,"height":150,"caption":"Campaign for Tibet"},"image":{"@id":"https:\/\/savetibet.eu\/fr\/#\/schema\/logo\/image\/"},"sameAs":["https:\/\/www.facebook.com\/internationalcampaignfortibetnederland\/","https:\/\/x.com\/savetibetorg","https:\/\/www.instagram.com\/savetibeteurope\/","https:\/\/www.youtube.com\/user\/ICTEurope"]}]}},"_links":{"self":[{"href":"https:\/\/savetibet.eu\/fr\/wp-json\/wp\/v2\/nieuws\/14145","targetHints":{"allow":["GET"]}}],"collection":[{"href":"https:\/\/savetibet.eu\/fr\/wp-json\/wp\/v2\/nieuws"}],"about":[{"href":"https:\/\/savetibet.eu\/fr\/wp-json\/wp\/v2\/types\/nieuws"}],"wp:featuredmedia":[{"embeddable":true,"href":"https:\/\/savetibet.eu\/fr\/wp-json\/wp\/v2\/media\/14134"}],"wp:attachment":[{"href":"https:\/\/savetibet.eu\/fr\/wp-json\/wp\/v2\/media?parent=14145"}],"wp:term":[{"taxonomy":"categorie","embeddable":true,"href":"https:\/\/savetibet.eu\/fr\/wp-json\/wp\/v2\/categorie?post=14145"},{"taxonomy":"news_tag","embeddable":true,"href":"https:\/\/savetibet.eu\/fr\/wp-json\/wp\/v2\/news_tag?post=14145"}],"curies":[{"name":"wp","href":"https:\/\/api.w.org\/{rel}","templated":true}]}}